{"id":24,"date":"2021-07-02T08:51:44","date_gmt":"2021-07-02T06:51:44","guid":{"rendered":"https:\/\/www.centresocial-lagrandcroix.fr\/?page_id=24"},"modified":"2026-03-18T14:31:43","modified_gmt":"2026-03-18T13:31:43","slug":"enfant-ado","status":"publish","type":"page","link":"https:\/\/www.2riv.fr\/index.php\/enfant-ado\/","title":{"rendered":"Centre de Loisirs du mercredi"},"content":{"rendered":"\n<p>Programme des mercredis pour les mois de Janvier, f\u00e9vrier et Mars 2026<\/p>\n\n\n\n<div data-wp-interactive=\"core\/file\" class=\"wp-block-file\"><object data-wp-bind--hidden=\"!state.hasPdfPreview\" hidden class=\"wp-block-file__embed\" data=\"https:\/\/www.2riv.fr\/wp-content\/uploads\/2025\/12\/Programme-Mercredi-J-F-M-site.pdf\" type=\"application\/pdf\" style=\"width:100%;height:600px\" aria-label=\"Contenu embarqu\u00e9 Programme Mercredi J-F-M - site.\"><\/object><a id=\"wp-block-file--media-906b59a4-26c0-436c-bad1-873d89615853\" href=\"https:\/\/www.2riv.fr\/wp-content\/uploads\/2025\/12\/Programme-Mercredi-J-F-M-site.pdf\">Programme Mercredi J-F-M &#8211; site<\/a><a href=\"https:\/\/www.2riv.fr\/wp-content\/uploads\/2025\/12\/Programme-Mercredi-J-F-M-site.pdf\" class=\"wp-block-file__button wp-element-button\" download aria-describedby=\"wp-block-file--media-906b59a4-26c0-436c-bad1-873d89615853\">T\u00e9l\u00e9charger<\/a><\/div>\n\n\n\n<p><strong>Le petit repas des f\u00eates pour les enfants du mercredi <\/strong><\/p>\n\n\n\n<figure class=\"wp-block-image size-large\"><img loading=\"lazy\" decoding=\"async\" width=\"1024\" height=\"771\" src=\"https:\/\/www.2riv.fr\/wp-content\/uploads\/2025\/12\/1765970061175-1024x771.jpg\" alt=\"\" class=\"wp-image-2060\" srcset=\"https:\/\/www.2riv.fr\/wp-content\/uploads\/2025\/12\/1765970061175-1024x771.jpg 1024w, https:\/\/www.2riv.fr\/wp-content\/uploads\/2025\/12\/1765970061175-300x226.jpg 300w, https:\/\/www.2riv.fr\/wp-content\/uploads\/2025\/12\/1765970061175-768x578.jpg 768w, https:\/\/www.2riv.fr\/wp-content\/uploads\/2025\/12\/1765970061175-1536x1157.jpg 1536w, https:\/\/www.2riv.fr\/wp-content\/uploads\/2025\/12\/1765970061175-2048x1542.jpg 2048w\" sizes=\"auto, (max-width: 1024px) 100vw, 1024px\" \/><\/figure>\n\n\n\n<p>Atelier arts plastiques -peinture<\/p>\n\n\n\n<p>Propos\u00e9 par C\u00e9line notre intervenante&nbsp;<\/p>\n\n\n\n<figure class=\"wp-block-gallery has-nested-images columns-default is-cropped wp-block-gallery-1 is-layout-flex wp-block-gallery-is-layout-flex\">\n<figure class=\"wp-block-image size-large\"><img loading=\"lazy\" decoding=\"async\" width=\"771\" height=\"1024\" data-id=\"2025\" src=\"https:\/\/www.2riv.fr\/wp-content\/uploads\/2025\/11\/IMG_20251112_155825-771x1024.jpg\" alt=\"\" class=\"wp-image-2025\" srcset=\"https:\/\/www.2riv.fr\/wp-content\/uploads\/2025\/11\/IMG_20251112_155825-771x1024.jpg 771w, https:\/\/www.2riv.fr\/wp-content\/uploads\/2025\/11\/IMG_20251112_155825-226x300.jpg 226w, https:\/\/www.2riv.fr\/wp-content\/uploads\/2025\/11\/IMG_20251112_155825-768x1020.jpg 768w, https:\/\/www.2riv.fr\/wp-content\/uploads\/2025\/11\/IMG_20251112_155825-1157x1536.jpg 1157w, https:\/\/www.2riv.fr\/wp-content\/uploads\/2025\/11\/IMG_20251112_155825-1542x2048.jpg 1542w, https:\/\/www.2riv.fr\/wp-content\/uploads\/2025\/11\/IMG_20251112_155825-scaled.jpg 1928w\" sizes=\"auto, (max-width: 771px) 100vw, 771px\" \/><\/figure>\n\n\n\n<figure class=\"wp-block-image size-large\"><img loading=\"lazy\" decoding=\"async\" width=\"771\" height=\"1024\" data-id=\"2026\" src=\"https:\/\/www.2riv.fr\/wp-content\/uploads\/2025\/11\/IMG_20251112_155759-771x1024.jpg\" alt=\"\" class=\"wp-image-2026\" srcset=\"https:\/\/www.2riv.fr\/wp-content\/uploads\/2025\/11\/IMG_20251112_155759-771x1024.jpg 771w, https:\/\/www.2riv.fr\/wp-content\/uploads\/2025\/11\/IMG_20251112_155759-226x300.jpg 226w, https:\/\/www.2riv.fr\/wp-content\/uploads\/2025\/11\/IMG_20251112_155759-768x1020.jpg 768w, https:\/\/www.2riv.fr\/wp-content\/uploads\/2025\/11\/IMG_20251112_155759-1157x1536.jpg 1157w, https:\/\/www.2riv.fr\/wp-content\/uploads\/2025\/11\/IMG_20251112_155759-1542x2048.jpg 1542w, https:\/\/www.2riv.fr\/wp-content\/uploads\/2025\/11\/IMG_20251112_155759-scaled.jpg 1928w\" sizes=\"auto, (max-width: 771px) 100vw, 771px\" \/><\/figure>\n\n\n\n<figure class=\"wp-block-image size-large\"><img loading=\"lazy\" decoding=\"async\" width=\"771\" height=\"1024\" data-id=\"2027\" src=\"https:\/\/www.2riv.fr\/wp-content\/uploads\/2025\/11\/IMG_20251112_145454-771x1024.jpg\" alt=\"\" class=\"wp-image-2027\" srcset=\"https:\/\/www.2riv.fr\/wp-content\/uploads\/2025\/11\/IMG_20251112_145454-771x1024.jpg 771w, https:\/\/www.2riv.fr\/wp-content\/uploads\/2025\/11\/IMG_20251112_145454-226x300.jpg 226w, https:\/\/www.2riv.fr\/wp-content\/uploads\/2025\/11\/IMG_20251112_145454-768x1020.jpg 768w, https:\/\/www.2riv.fr\/wp-content\/uploads\/2025\/11\/IMG_20251112_145454-1157x1536.jpg 1157w, https:\/\/www.2riv.fr\/wp-content\/uploads\/2025\/11\/IMG_20251112_145454-1542x2048.jpg 1542w, https:\/\/www.2riv.fr\/wp-content\/uploads\/2025\/11\/IMG_20251112_145454-scaled.jpg 1928w\" sizes=\"auto, (max-width: 771px) 100vw, 771px\" \/><\/figure>\n\n\n\n<figure class=\"wp-block-image size-large\"><img loading=\"lazy\" decoding=\"async\" width=\"771\" height=\"1024\" data-id=\"2028\" src=\"https:\/\/www.2riv.fr\/wp-content\/uploads\/2025\/11\/IMG_20251112_145446-771x1024.jpg\" alt=\"\" class=\"wp-image-2028\" srcset=\"https:\/\/www.2riv.fr\/wp-content\/uploads\/2025\/11\/IMG_20251112_145446-771x1024.jpg 771w, https:\/\/www.2riv.fr\/wp-content\/uploads\/2025\/11\/IMG_20251112_145446-226x300.jpg 226w, https:\/\/www.2riv.fr\/wp-content\/uploads\/2025\/11\/IMG_20251112_145446-768x1020.jpg 768w, https:\/\/www.2riv.fr\/wp-content\/uploads\/2025\/11\/IMG_20251112_145446-1157x1536.jpg 1157w, https:\/\/www.2riv.fr\/wp-content\/uploads\/2025\/11\/IMG_20251112_145446-1542x2048.jpg 1542w, https:\/\/www.2riv.fr\/wp-content\/uploads\/2025\/11\/IMG_20251112_145446-scaled.jpg 1928w\" sizes=\"auto, (max-width: 771px) 100vw, 771px\" \/><\/figure>\n\n\n\n<figure class=\"wp-block-image size-large\"><img loading=\"lazy\" decoding=\"async\" width=\"771\" height=\"1024\" data-id=\"2029\" src=\"https:\/\/www.2riv.fr\/wp-content\/uploads\/2025\/11\/IMG_20251112_145430-771x1024.jpg\" alt=\"\" class=\"wp-image-2029\" srcset=\"https:\/\/www.2riv.fr\/wp-content\/uploads\/2025\/11\/IMG_20251112_145430-771x1024.jpg 771w, https:\/\/www.2riv.fr\/wp-content\/uploads\/2025\/11\/IMG_20251112_145430-226x300.jpg 226w, https:\/\/www.2riv.fr\/wp-content\/uploads\/2025\/11\/IMG_20251112_145430-768x1020.jpg 768w, https:\/\/www.2riv.fr\/wp-content\/uploads\/2025\/11\/IMG_20251112_145430-1157x1536.jpg 1157w, https:\/\/www.2riv.fr\/wp-content\/uploads\/2025\/11\/IMG_20251112_145430-1542x2048.jpg 1542w, https:\/\/www.2riv.fr\/wp-content\/uploads\/2025\/11\/IMG_20251112_145430-scaled.jpg 1928w\" sizes=\"auto, (max-width: 771px) 100vw, 771px\" \/><\/figure>\n\n\n\n<figure class=\"wp-block-image size-large\"><img loading=\"lazy\" decoding=\"async\" width=\"771\" height=\"1024\" data-id=\"2030\" src=\"https:\/\/www.2riv.fr\/wp-content\/uploads\/2025\/11\/IMG_20251112_145404-771x1024.jpg\" alt=\"\" class=\"wp-image-2030\" srcset=\"https:\/\/www.2riv.fr\/wp-content\/uploads\/2025\/11\/IMG_20251112_145404-771x1024.jpg 771w, https:\/\/www.2riv.fr\/wp-content\/uploads\/2025\/11\/IMG_20251112_145404-226x300.jpg 226w, https:\/\/www.2riv.fr\/wp-content\/uploads\/2025\/11\/IMG_20251112_145404-768x1020.jpg 768w, https:\/\/www.2riv.fr\/wp-content\/uploads\/2025\/11\/IMG_20251112_145404-1157x1536.jpg 1157w, https:\/\/www.2riv.fr\/wp-content\/uploads\/2025\/11\/IMG_20251112_145404-1542x2048.jpg 1542w, https:\/\/www.2riv.fr\/wp-content\/uploads\/2025\/11\/IMG_20251112_145404-scaled.jpg 1928w\" sizes=\"auto, (max-width: 771px) 100vw, 771px\" \/><\/figure>\n\n\n\n<figure class=\"wp-block-image size-large\"><img loading=\"lazy\" decoding=\"async\" width=\"771\" height=\"1024\" data-id=\"2031\" src=\"https:\/\/www.2riv.fr\/wp-content\/uploads\/2025\/11\/IMG_20251112_145415-771x1024.jpg\" alt=\"\" class=\"wp-image-2031\" srcset=\"https:\/\/www.2riv.fr\/wp-content\/uploads\/2025\/11\/IMG_20251112_145415-771x1024.jpg 771w, https:\/\/www.2riv.fr\/wp-content\/uploads\/2025\/11\/IMG_20251112_145415-226x300.jpg 226w, https:\/\/www.2riv.fr\/wp-content\/uploads\/2025\/11\/IMG_20251112_145415-768x1020.jpg 768w, https:\/\/www.2riv.fr\/wp-content\/uploads\/2025\/11\/IMG_20251112_145415-1157x1536.jpg 1157w, https:\/\/www.2riv.fr\/wp-content\/uploads\/2025\/11\/IMG_20251112_145415-1542x2048.jpg 1542w, https:\/\/www.2riv.fr\/wp-content\/uploads\/2025\/11\/IMG_20251112_145415-scaled.jpg 1928w\" sizes=\"auto, (max-width: 771px) 100vw, 771px\" \/><\/figure>\n\n\n\n<figure class=\"wp-block-image size-large\"><img loading=\"lazy\" decoding=\"async\" width=\"771\" height=\"1024\" data-id=\"2032\" src=\"https:\/\/www.2riv.fr\/wp-content\/uploads\/2025\/11\/IMG_20251112_145421-771x1024.jpg\" alt=\"\" class=\"wp-image-2032\" srcset=\"https:\/\/www.2riv.fr\/wp-content\/uploads\/2025\/11\/IMG_20251112_145421-771x1024.jpg 771w, https:\/\/www.2riv.fr\/wp-content\/uploads\/2025\/11\/IMG_20251112_145421-226x300.jpg 226w, https:\/\/www.2riv.fr\/wp-content\/uploads\/2025\/11\/IMG_20251112_145421-768x1020.jpg 768w, https:\/\/www.2riv.fr\/wp-content\/uploads\/2025\/11\/IMG_20251112_145421-1157x1536.jpg 1157w, https:\/\/www.2riv.fr\/wp-content\/uploads\/2025\/11\/IMG_20251112_145421-1542x2048.jpg 1542w, https:\/\/www.2riv.fr\/wp-content\/uploads\/2025\/11\/IMG_20251112_145421-scaled.jpg 1928w\" sizes=\"auto, (max-width: 771px) 100vw, 771px\" \/><\/figure>\n\n\n\n<figure class=\"wp-block-image size-large\"><img loading=\"lazy\" decoding=\"async\" width=\"771\" height=\"1024\" data-id=\"2033\" src=\"https:\/\/www.2riv.fr\/wp-content\/uploads\/2025\/11\/IMG_20251112_145347-771x1024.jpg\" alt=\"\" class=\"wp-image-2033\" srcset=\"https:\/\/www.2riv.fr\/wp-content\/uploads\/2025\/11\/IMG_20251112_145347-771x1024.jpg 771w, https:\/\/www.2riv.fr\/wp-content\/uploads\/2025\/11\/IMG_20251112_145347-226x300.jpg 226w, https:\/\/www.2riv.fr\/wp-content\/uploads\/2025\/11\/IMG_20251112_145347-768x1020.jpg 768w, https:\/\/www.2riv.fr\/wp-content\/uploads\/2025\/11\/IMG_20251112_145347-1157x1536.jpg 1157w, https:\/\/www.2riv.fr\/wp-content\/uploads\/2025\/11\/IMG_20251112_145347-1542x2048.jpg 1542w, https:\/\/www.2riv.fr\/wp-content\/uploads\/2025\/11\/IMG_20251112_145347-scaled.jpg 1928w\" sizes=\"auto, (max-width: 771px) 100vw, 771px\" \/><\/figure>\n<\/figure>\n\n\n\n<p><\/p>\n\n\n\n<p><\/p>\n\n\n\n<p><\/p>\n\n\n\n<p><\/p>\n\n\n\n<p class=\"has-white-color has-text-color has-background\" style=\"background-color:#0b2734\"><\/p>\n","protected":false},"excerpt":{"rendered":"<p>Programme des mercredis pour les mois de Janvier, f\u00e9vrier et Mars 2026 Le petit repas des f\u00eates pour les enfants du mercredi Atelier arts plastiques -peinture Propos\u00e9 par C\u00e9line notre intervenante&nbsp;<\/p>\n","protected":false},"author":1,"featured_media":0,"parent":0,"menu_order":0,"comment_status":"closed","ping_status":"closed","template":"","meta":{"footnotes":""},"class_list":["post-24","page","type-page","status-publish","hentry"],"yoast_head":"<!-- This site is optimized with the Yoast SEO plugin v27.4 - https:\/\/yoast.com\/product\/yoast-seo-wordpress\/ -->\n<title>Centre de Loisirs du mercredi - Centre Social les 2 rivi\u00e8res<\/title>\n<meta name=\"robots\" content=\"index, follow, max-snippet:-1, max-image-preview:large, max-video-preview:-1\" \/>\n<link rel=\"canonical\" href=\"https:\/\/www.2riv.fr\/index.php\/enfant-ado\/\" \/>\n<meta property=\"og:locale\" content=\"fr_FR\" \/>\n<meta property=\"og:type\" content=\"article\" \/>\n<meta property=\"og:title\" content=\"Centre de Loisirs du mercredi - Centre Social les 2 rivi\u00e8res\" \/>\n<meta property=\"og:description\" content=\"Programme des mercredis pour les mois de Janvier, f\u00e9vrier et Mars 2026 Le petit repas des f\u00eates pour les enfants du mercredi Atelier arts plastiques -peinture Propos\u00e9 par C\u00e9line notre intervenante&nbsp;\" \/>\n<meta property=\"og:url\" content=\"https:\/\/www.2riv.fr\/index.php\/enfant-ado\/\" \/>\n<meta property=\"og:site_name\" content=\"Centre Social les 2 rivi\u00e8res\" \/>\n<meta property=\"article:modified_time\" content=\"2026-03-18T13:31:43+00:00\" \/>\n<meta property=\"og:image\" content=\"https:\/\/www.2riv.fr\/wp-content\/uploads\/2025\/12\/1765970061175-scaled.jpg\" \/>\n\t<meta property=\"og:image:width\" content=\"2560\" \/>\n\t<meta property=\"og:image:height\" content=\"1928\" \/>\n\t<meta property=\"og:image:type\" content=\"image\/jpeg\" \/>\n<meta name=\"twitter:card\" content=\"summary_large_image\" \/>\n<meta name=\"twitter:label1\" content=\"Dur\u00e9e de lecture estim\u00e9e\" \/>\n\t<meta name=\"twitter:data1\" content=\"3 minutes\" \/>\n<script type=\"application\/ld+json\" class=\"yoast-schema-graph\">{\"@context\":\"https:\\\/\\\/schema.org\",\"@graph\":[{\"@type\":\"WebPage\",\"@id\":\"https:\\\/\\\/www.2riv.fr\\\/index.php\\\/enfant-ado\\\/\",\"url\":\"https:\\\/\\\/www.2riv.fr\\\/index.php\\\/enfant-ado\\\/\",\"name\":\"Centre de Loisirs du mercredi - Centre Social les 2 rivi\u00e8res\",\"isPartOf\":{\"@id\":\"https:\\\/\\\/www.2riv.fr\\\/#website\"},\"primaryImageOfPage\":{\"@id\":\"https:\\\/\\\/www.2riv.fr\\\/index.php\\\/enfant-ado\\\/#primaryimage\"},\"image\":{\"@id\":\"https:\\\/\\\/www.2riv.fr\\\/index.php\\\/enfant-ado\\\/#primaryimage\"},\"thumbnailUrl\":\"https:\\\/\\\/www.2riv.fr\\\/wp-content\\\/uploads\\\/2025\\\/12\\\/1765970061175-1024x771.jpg\",\"datePublished\":\"2021-07-02T06:51:44+00:00\",\"dateModified\":\"2026-03-18T13:31:43+00:00\",\"breadcrumb\":{\"@id\":\"https:\\\/\\\/www.2riv.fr\\\/index.php\\\/enfant-ado\\\/#breadcrumb\"},\"inLanguage\":\"fr-FR\",\"potentialAction\":[{\"@type\":\"ReadAction\",\"target\":[\"https:\\\/\\\/www.2riv.fr\\\/index.php\\\/enfant-ado\\\/\"]}]},{\"@type\":\"ImageObject\",\"inLanguage\":\"fr-FR\",\"@id\":\"https:\\\/\\\/www.2riv.fr\\\/index.php\\\/enfant-ado\\\/#primaryimage\",\"url\":\"https:\\\/\\\/www.2riv.fr\\\/wp-content\\\/uploads\\\/2025\\\/12\\\/1765970061175-scaled.jpg\",\"contentUrl\":\"https:\\\/\\\/www.2riv.fr\\\/wp-content\\\/uploads\\\/2025\\\/12\\\/1765970061175-scaled.jpg\",\"width\":2560,\"height\":1928},{\"@type\":\"BreadcrumbList\",\"@id\":\"https:\\\/\\\/www.2riv.fr\\\/index.php\\\/enfant-ado\\\/#breadcrumb\",\"itemListElement\":[{\"@type\":\"ListItem\",\"position\":1,\"name\":\"Accueil\",\"item\":\"https:\\\/\\\/www.2riv.fr\\\/\"},{\"@type\":\"ListItem\",\"position\":2,\"name\":\"Centre de Loisirs du mercredi\"}]},{\"@type\":\"WebSite\",\"@id\":\"https:\\\/\\\/www.2riv.fr\\\/#website\",\"url\":\"https:\\\/\\\/www.2riv.fr\\\/\",\"name\":\"Centre Social les 2 rivi\u00e8res\",\"description\":\"(ancien Centre Social de Grand Croix)\",\"publisher\":{\"@id\":\"https:\\\/\\\/www.2riv.fr\\\/#organization\"},\"potentialAction\":[{\"@type\":\"SearchAction\",\"target\":{\"@type\":\"EntryPoint\",\"urlTemplate\":\"https:\\\/\\\/www.2riv.fr\\\/?s={search_term_string}\"},\"query-input\":{\"@type\":\"PropertyValueSpecification\",\"valueRequired\":true,\"valueName\":\"search_term_string\"}}],\"inLanguage\":\"fr-FR\"},{\"@type\":\"Organization\",\"@id\":\"https:\\\/\\\/www.2riv.fr\\\/#organization\",\"name\":\"Centre Social les 2 rivi\u00e8res\",\"url\":\"https:\\\/\\\/www.2riv.fr\\\/\",\"logo\":{\"@type\":\"ImageObject\",\"inLanguage\":\"fr-FR\",\"@id\":\"https:\\\/\\\/www.2riv.fr\\\/#\\\/schema\\\/logo\\\/image\\\/\",\"url\":\"https:\\\/\\\/www.2riv.fr\\\/wp-content\\\/uploads\\\/2025\\\/06\\\/logo-Centre-Social-Les-2-rivieres.png\",\"contentUrl\":\"https:\\\/\\\/www.2riv.fr\\\/wp-content\\\/uploads\\\/2025\\\/06\\\/logo-Centre-Social-Les-2-rivieres.png\",\"width\":540,\"height\":408,\"caption\":\"Centre Social les 2 rivi\u00e8res\"},\"image\":{\"@id\":\"https:\\\/\\\/www.2riv.fr\\\/#\\\/schema\\\/logo\\\/image\\\/\"}}]}<\/script>\n<!-- \/ Yoast SEO plugin. -->","yoast_head_json":{"title":"Centre de Loisirs du mercredi - Centre Social les 2 rivi\u00e8res","robots":{"index":"index","follow":"follow","max-snippet":"max-snippet:-1","max-image-preview":"max-image-preview:large","max-video-preview":"max-video-preview:-1"},"canonical":"https:\/\/www.2riv.fr\/index.php\/enfant-ado\/","og_locale":"fr_FR","og_type":"article","og_title":"Centre de Loisirs du mercredi - Centre Social les 2 rivi\u00e8res","og_description":"Programme des mercredis pour les mois de Janvier, f\u00e9vrier et Mars 2026 Le petit repas des f\u00eates pour les enfants du mercredi Atelier arts plastiques -peinture Propos\u00e9 par C\u00e9line notre intervenante&nbsp;","og_url":"https:\/\/www.2riv.fr\/index.php\/enfant-ado\/","og_site_name":"Centre Social les 2 rivi\u00e8res","article_modified_time":"2026-03-18T13:31:43+00:00","og_image":[{"width":2560,"height":1928,"url":"https:\/\/www.2riv.fr\/wp-content\/uploads\/2025\/12\/1765970061175-scaled.jpg","type":"image\/jpeg"}],"twitter_card":"summary_large_image","twitter_misc":{"Dur\u00e9e de lecture estim\u00e9e":"3 minutes"},"schema":{"@context":"https:\/\/schema.org","@graph":[{"@type":"WebPage","@id":"https:\/\/www.2riv.fr\/index.php\/enfant-ado\/","url":"https:\/\/www.2riv.fr\/index.php\/enfant-ado\/","name":"Centre de Loisirs du mercredi - Centre Social les 2 rivi\u00e8res","isPartOf":{"@id":"https:\/\/www.2riv.fr\/#website"},"primaryImageOfPage":{"@id":"https:\/\/www.2riv.fr\/index.php\/enfant-ado\/#primaryimage"},"image":{"@id":"https:\/\/www.2riv.fr\/index.php\/enfant-ado\/#primaryimage"},"thumbnailUrl":"https:\/\/www.2riv.fr\/wp-content\/uploads\/2025\/12\/1765970061175-1024x771.jpg","datePublished":"2021-07-02T06:51:44+00:00","dateModified":"2026-03-18T13:31:43+00:00","breadcrumb":{"@id":"https:\/\/www.2riv.fr\/index.php\/enfant-ado\/#breadcrumb"},"inLanguage":"fr-FR","potentialAction":[{"@type":"ReadAction","target":["https:\/\/www.2riv.fr\/index.php\/enfant-ado\/"]}]},{"@type":"ImageObject","inLanguage":"fr-FR","@id":"https:\/\/www.2riv.fr\/index.php\/enfant-ado\/#primaryimage","url":"https:\/\/www.2riv.fr\/wp-content\/uploads\/2025\/12\/1765970061175-scaled.jpg","contentUrl":"https:\/\/www.2riv.fr\/wp-content\/uploads\/2025\/12\/1765970061175-scaled.jpg","width":2560,"height":1928},{"@type":"BreadcrumbList","@id":"https:\/\/www.2riv.fr\/index.php\/enfant-ado\/#breadcrumb","itemListElement":[{"@type":"ListItem","position":1,"name":"Accueil","item":"https:\/\/www.2riv.fr\/"},{"@type":"ListItem","position":2,"name":"Centre de Loisirs du mercredi"}]},{"@type":"WebSite","@id":"https:\/\/www.2riv.fr\/#website","url":"https:\/\/www.2riv.fr\/","name":"Centre Social les 2 rivi\u00e8res","description":"(ancien Centre Social de Grand Croix)","publisher":{"@id":"https:\/\/www.2riv.fr\/#organization"},"potentialAction":[{"@type":"SearchAction","target":{"@type":"EntryPoint","urlTemplate":"https:\/\/www.2riv.fr\/?s={search_term_string}"},"query-input":{"@type":"PropertyValueSpecification","valueRequired":true,"valueName":"search_term_string"}}],"inLanguage":"fr-FR"},{"@type":"Organization","@id":"https:\/\/www.2riv.fr\/#organization","name":"Centre Social les 2 rivi\u00e8res","url":"https:\/\/www.2riv.fr\/","logo":{"@type":"ImageObject","inLanguage":"fr-FR","@id":"https:\/\/www.2riv.fr\/#\/schema\/logo\/image\/","url":"https:\/\/www.2riv.fr\/wp-content\/uploads\/2025\/06\/logo-Centre-Social-Les-2-rivieres.png","contentUrl":"https:\/\/www.2riv.fr\/wp-content\/uploads\/2025\/06\/logo-Centre-Social-Les-2-rivieres.png","width":540,"height":408,"caption":"Centre Social les 2 rivi\u00e8res"},"image":{"@id":"https:\/\/www.2riv.fr\/#\/schema\/logo\/image\/"}}]}},"_links":{"self":[{"href":"https:\/\/www.2riv.fr\/index.php\/wp-json\/wp\/v2\/pages\/24","targetHints":{"allow":["GET"]}}],"collection":[{"href":"https:\/\/www.2riv.fr\/index.php\/wp-json\/wp\/v2\/pages"}],"about":[{"href":"https:\/\/www.2riv.fr\/index.php\/wp-json\/wp\/v2\/types\/page"}],"author":[{"embeddable":true,"href":"https:\/\/www.2riv.fr\/index.php\/wp-json\/wp\/v2\/users\/1"}],"replies":[{"embeddable":true,"href":"https:\/\/www.2riv.fr\/index.php\/wp-json\/wp\/v2\/comments?post=24"}],"version-history":[{"count":20,"href":"https:\/\/www.2riv.fr\/index.php\/wp-json\/wp\/v2\/pages\/24\/revisions"}],"predecessor-version":[{"id":2141,"href":"https:\/\/www.2riv.fr\/index.php\/wp-json\/wp\/v2\/pages\/24\/revisions\/2141"}],"wp:attachment":[{"href":"https:\/\/www.2riv.fr\/index.php\/wp-json\/wp\/v2\/media?parent=24"}],"curies":[{"name":"wp","href":"https:\/\/api.w.org\/{rel}","templated":true}]}}