{"id":30,"date":"2021-07-02T09:03:51","date_gmt":"2021-07-02T07:03:51","guid":{"rendered":"https:\/\/www.centresocial-lagrandcroix.fr\/?page_id=30"},"modified":"2025-06-17T16:48:27","modified_gmt":"2025-06-17T14:48:27","slug":"plaquette","status":"publish","type":"page","link":"https:\/\/www.2riv.fr\/index.php\/plaquette\/","title":{"rendered":"Les animations au Centre Social \u00ab\u00a0Les 2 Rivi\u00e8res\u00a0\u00bb"},"content":{"rendered":"\n<p><strong><em>Le Centre Social vous invite \u00e0 rencontrer l&rsquo;association Loire Italie et la Professeure d&rsquo;italien mercredi 25 juin \u00e0 17 h pour des cours qui commenceront d\u00e8s septembre<\/em><\/strong><\/p>\n\n\n\n<figure class=\"wp-block-gallery has-nested-images columns-default is-cropped wp-block-gallery-1 is-layout-flex wp-block-gallery-is-layout-flex\">\n<figure class=\"wp-block-image size-large\"><img loading=\"lazy\" decoding=\"async\" width=\"724\" height=\"1024\" data-id=\"1757\" src=\"https:\/\/www.2riv.fr\/wp-content\/uploads\/2025\/06\/affiche-Loire-Italie-1-724x1024.jpg\" alt=\"\" class=\"wp-image-1757\" srcset=\"https:\/\/www.2riv.fr\/wp-content\/uploads\/2025\/06\/affiche-Loire-Italie-1-724x1024.jpg 724w, https:\/\/www.2riv.fr\/wp-content\/uploads\/2025\/06\/affiche-Loire-Italie-1-212x300.jpg 212w, https:\/\/www.2riv.fr\/wp-content\/uploads\/2025\/06\/affiche-Loire-Italie-1-768x1086.jpg 768w, https:\/\/www.2riv.fr\/wp-content\/uploads\/2025\/06\/affiche-Loire-Italie-1-1086x1536.jpg 1086w, https:\/\/www.2riv.fr\/wp-content\/uploads\/2025\/06\/affiche-Loire-Italie-1.jpg 1414w\" sizes=\"auto, (max-width: 724px) 100vw, 724px\" \/><\/figure>\n<\/figure>\n\n\n\n<div class=\"wp-block-file\"><a id=\"wp-block-file--media-7e070959-7e22-430f-b0bd-afc43fd8252a\" href=\"https:\/\/www.2riv.fr\/wp-content\/uploads\/2025\/06\/affiche-Loire-Italie.jpg\">affiche Loire Italie<\/a><a href=\"https:\/\/www.2riv.fr\/wp-content\/uploads\/2025\/06\/affiche-Loire-Italie.jpg\" class=\"wp-block-file__button wp-element-button\" download aria-describedby=\"wp-block-file--media-7e070959-7e22-430f-b0bd-afc43fd8252a\">T\u00e9l\u00e9charger<\/a><\/div>\n\n\n\n<p><strong>Quelques photos du Vernissage de l&rsquo;exposition \u00ab\u00a0Les papillons de notre r\u00e9gion\u00a0\u00bb le mercredi 9 avril 2025<\/strong><\/p>\n\n\n\n<figure class=\"wp-block-gallery has-nested-images columns-default is-cropped wp-block-gallery-2 is-layout-flex wp-block-gallery-is-layout-flex\">\n<figure class=\"wp-block-image size-large\"><img loading=\"lazy\" decoding=\"async\" width=\"1024\" height=\"768\" data-id=\"1614\" src=\"https:\/\/www.2riv.fr\/wp-content\/uploads\/2025\/04\/P1120342-1024x768.jpg\" alt=\"\" class=\"wp-image-1614\" srcset=\"https:\/\/www.2riv.fr\/wp-content\/uploads\/2025\/04\/P1120342-1024x768.jpg 1024w, https:\/\/www.2riv.fr\/wp-content\/uploads\/2025\/04\/P1120342-300x225.jpg 300w, https:\/\/www.2riv.fr\/wp-content\/uploads\/2025\/04\/P1120342-768x576.jpg 768w, https:\/\/www.2riv.fr\/wp-content\/uploads\/2025\/04\/P1120342-1536x1152.jpg 1536w, https:\/\/www.2riv.fr\/wp-content\/uploads\/2025\/04\/P1120342-2048x1536.jpg 2048w\" sizes=\"auto, (max-width: 1024px) 100vw, 1024px\" \/><\/figure>\n\n\n\n<figure class=\"wp-block-image size-large\"><img loading=\"lazy\" decoding=\"async\" width=\"1024\" height=\"768\" data-id=\"1617\" src=\"https:\/\/www.2riv.fr\/wp-content\/uploads\/2025\/04\/P1120341-1-1024x768.jpg\" alt=\"\" class=\"wp-image-1617\" srcset=\"https:\/\/www.2riv.fr\/wp-content\/uploads\/2025\/04\/P1120341-1-1024x768.jpg 1024w, https:\/\/www.2riv.fr\/wp-content\/uploads\/2025\/04\/P1120341-1-300x225.jpg 300w, https:\/\/www.2riv.fr\/wp-content\/uploads\/2025\/04\/P1120341-1-768x576.jpg 768w, https:\/\/www.2riv.fr\/wp-content\/uploads\/2025\/04\/P1120341-1-1536x1152.jpg 1536w, https:\/\/www.2riv.fr\/wp-content\/uploads\/2025\/04\/P1120341-1-2048x1536.jpg 2048w\" sizes=\"auto, (max-width: 1024px) 100vw, 1024px\" \/><\/figure>\n\n\n\n<figure class=\"wp-block-image size-large\"><img loading=\"lazy\" decoding=\"async\" width=\"1024\" height=\"768\" data-id=\"1618\" src=\"https:\/\/www.2riv.fr\/wp-content\/uploads\/2025\/04\/P1120340-1024x768.jpg\" alt=\"\" class=\"wp-image-1618\" srcset=\"https:\/\/www.2riv.fr\/wp-content\/uploads\/2025\/04\/P1120340-1024x768.jpg 1024w, https:\/\/www.2riv.fr\/wp-content\/uploads\/2025\/04\/P1120340-300x225.jpg 300w, https:\/\/www.2riv.fr\/wp-content\/uploads\/2025\/04\/P1120340-768x576.jpg 768w, https:\/\/www.2riv.fr\/wp-content\/uploads\/2025\/04\/P1120340-1536x1152.jpg 1536w, https:\/\/www.2riv.fr\/wp-content\/uploads\/2025\/04\/P1120340-2048x1536.jpg 2048w\" sizes=\"auto, (max-width: 1024px) 100vw, 1024px\" \/><\/figure>\n\n\n\n<figure class=\"wp-block-image size-large\"><img loading=\"lazy\" decoding=\"async\" width=\"1024\" height=\"768\" data-id=\"1619\" src=\"https:\/\/www.2riv.fr\/wp-content\/uploads\/2025\/04\/P1120339-1024x768.jpg\" alt=\"\" class=\"wp-image-1619\" srcset=\"https:\/\/www.2riv.fr\/wp-content\/uploads\/2025\/04\/P1120339-1024x768.jpg 1024w, https:\/\/www.2riv.fr\/wp-content\/uploads\/2025\/04\/P1120339-300x225.jpg 300w, https:\/\/www.2riv.fr\/wp-content\/uploads\/2025\/04\/P1120339-768x576.jpg 768w, https:\/\/www.2riv.fr\/wp-content\/uploads\/2025\/04\/P1120339-1536x1152.jpg 1536w, https:\/\/www.2riv.fr\/wp-content\/uploads\/2025\/04\/P1120339-2048x1536.jpg 2048w\" sizes=\"auto, (max-width: 1024px) 100vw, 1024px\" \/><\/figure>\n<\/figure>\n","protected":false},"excerpt":{"rendered":"<p>Le Centre Social vous invite \u00e0 rencontrer l&rsquo;association Loire Italie et la Professeure d&rsquo;italien mercredi 25 juin \u00e0 17 h pour des cours qui commenceront d\u00e8s septembre Quelques photos du Vernissage de l&rsquo;exposition \u00ab\u00a0Les papillons de notre r\u00e9gion\u00a0\u00bb le mercredi<\/p>\n","protected":false},"author":1,"featured_media":0,"parent":0,"menu_order":0,"comment_status":"closed","ping_status":"closed","template":"","meta":{"footnotes":""},"class_list":["post-30","page","type-page","status-publish","hentry"],"yoast_head":"<!-- This site is optimized with the Yoast SEO plugin v27.4 - https:\/\/yoast.com\/product\/yoast-seo-wordpress\/ -->\n<title>Les animations au Centre Social &quot;Les 2 Rivi\u00e8res&quot; - Centre Social les 2 rivi\u00e8res<\/title>\n<meta name=\"robots\" content=\"index, follow, max-snippet:-1, max-image-preview:large, max-video-preview:-1\" \/>\n<link rel=\"canonical\" href=\"https:\/\/www.2riv.fr\/index.php\/plaquette\/\" \/>\n<meta property=\"og:locale\" content=\"fr_FR\" \/>\n<meta property=\"og:type\" content=\"article\" \/>\n<meta property=\"og:title\" content=\"Les animations au Centre Social &quot;Les 2 Rivi\u00e8res&quot; - Centre Social les 2 rivi\u00e8res\" \/>\n<meta property=\"og:description\" content=\"Le Centre Social vous invite \u00e0 rencontrer l&rsquo;association Loire Italie et la Professeure d&rsquo;italien mercredi 25 juin \u00e0 17 h pour des cours qui commenceront d\u00e8s septembre Quelques photos du Vernissage de l&rsquo;exposition \u00ab\u00a0Les papillons de notre r\u00e9gion\u00a0\u00bb le mercredi\" \/>\n<meta property=\"og:url\" content=\"https:\/\/www.2riv.fr\/index.php\/plaquette\/\" \/>\n<meta property=\"og:site_name\" content=\"Centre Social les 2 rivi\u00e8res\" \/>\n<meta property=\"article:modified_time\" content=\"2025-06-17T14:48:27+00:00\" \/>\n<meta property=\"og:image\" content=\"https:\/\/www.2riv.fr\/wp-content\/uploads\/2025\/06\/affiche-Loire-Italie-1-724x1024.jpg\" \/>\n<meta name=\"twitter:card\" content=\"summary_large_image\" \/>\n<script type=\"application\/ld+json\" class=\"yoast-schema-graph\">{\"@context\":\"https:\\\/\\\/schema.org\",\"@graph\":[{\"@type\":\"WebPage\",\"@id\":\"https:\\\/\\\/www.2riv.fr\\\/index.php\\\/plaquette\\\/\",\"url\":\"https:\\\/\\\/www.2riv.fr\\\/index.php\\\/plaquette\\\/\",\"name\":\"Les animations au Centre Social \\\"Les 2 Rivi\u00e8res\\\" - Centre Social les 2 rivi\u00e8res\",\"isPartOf\":{\"@id\":\"https:\\\/\\\/www.2riv.fr\\\/#website\"},\"primaryImageOfPage\":{\"@id\":\"https:\\\/\\\/www.2riv.fr\\\/index.php\\\/plaquette\\\/#primaryimage\"},\"image\":{\"@id\":\"https:\\\/\\\/www.2riv.fr\\\/index.php\\\/plaquette\\\/#primaryimage\"},\"thumbnailUrl\":\"https:\\\/\\\/www.2riv.fr\\\/wp-content\\\/uploads\\\/2025\\\/06\\\/affiche-Loire-Italie-1-724x1024.jpg\",\"datePublished\":\"2021-07-02T07:03:51+00:00\",\"dateModified\":\"2025-06-17T14:48:27+00:00\",\"breadcrumb\":{\"@id\":\"https:\\\/\\\/www.2riv.fr\\\/index.php\\\/plaquette\\\/#breadcrumb\"},\"inLanguage\":\"fr-FR\",\"potentialAction\":[{\"@type\":\"ReadAction\",\"target\":[\"https:\\\/\\\/www.2riv.fr\\\/index.php\\\/plaquette\\\/\"]}]},{\"@type\":\"ImageObject\",\"inLanguage\":\"fr-FR\",\"@id\":\"https:\\\/\\\/www.2riv.fr\\\/index.php\\\/plaquette\\\/#primaryimage\",\"url\":\"https:\\\/\\\/www.2riv.fr\\\/wp-content\\\/uploads\\\/2025\\\/06\\\/affiche-Loire-Italie-1.jpg\",\"contentUrl\":\"https:\\\/\\\/www.2riv.fr\\\/wp-content\\\/uploads\\\/2025\\\/06\\\/affiche-Loire-Italie-1.jpg\",\"width\":1414,\"height\":2000},{\"@type\":\"BreadcrumbList\",\"@id\":\"https:\\\/\\\/www.2riv.fr\\\/index.php\\\/plaquette\\\/#breadcrumb\",\"itemListElement\":[{\"@type\":\"ListItem\",\"position\":1,\"name\":\"Accueil\",\"item\":\"https:\\\/\\\/www.2riv.fr\\\/\"},{\"@type\":\"ListItem\",\"position\":2,\"name\":\"Les animations au Centre Social \u00ab\u00a0Les 2 Rivi\u00e8res\u00a0\u00bb\"}]},{\"@type\":\"WebSite\",\"@id\":\"https:\\\/\\\/www.2riv.fr\\\/#website\",\"url\":\"https:\\\/\\\/www.2riv.fr\\\/\",\"name\":\"Centre Social les 2 rivi\u00e8res\",\"description\":\"(ancien Centre Social de Grand Croix)\",\"publisher\":{\"@id\":\"https:\\\/\\\/www.2riv.fr\\\/#organization\"},\"potentialAction\":[{\"@type\":\"SearchAction\",\"target\":{\"@type\":\"EntryPoint\",\"urlTemplate\":\"https:\\\/\\\/www.2riv.fr\\\/?s={search_term_string}\"},\"query-input\":{\"@type\":\"PropertyValueSpecification\",\"valueRequired\":true,\"valueName\":\"search_term_string\"}}],\"inLanguage\":\"fr-FR\"},{\"@type\":\"Organization\",\"@id\":\"https:\\\/\\\/www.2riv.fr\\\/#organization\",\"name\":\"Centre Social les 2 rivi\u00e8res\",\"url\":\"https:\\\/\\\/www.2riv.fr\\\/\",\"logo\":{\"@type\":\"ImageObject\",\"inLanguage\":\"fr-FR\",\"@id\":\"https:\\\/\\\/www.2riv.fr\\\/#\\\/schema\\\/logo\\\/image\\\/\",\"url\":\"https:\\\/\\\/www.2riv.fr\\\/wp-content\\\/uploads\\\/2025\\\/06\\\/logo-Centre-Social-Les-2-rivieres.png\",\"contentUrl\":\"https:\\\/\\\/www.2riv.fr\\\/wp-content\\\/uploads\\\/2025\\\/06\\\/logo-Centre-Social-Les-2-rivieres.png\",\"width\":540,\"height\":408,\"caption\":\"Centre Social les 2 rivi\u00e8res\"},\"image\":{\"@id\":\"https:\\\/\\\/www.2riv.fr\\\/#\\\/schema\\\/logo\\\/image\\\/\"}}]}<\/script>\n<!-- \/ Yoast SEO plugin. -->","yoast_head_json":{"title":"Les animations au Centre Social \"Les 2 Rivi\u00e8res\" - Centre Social les 2 rivi\u00e8res","robots":{"index":"index","follow":"follow","max-snippet":"max-snippet:-1","max-image-preview":"max-image-preview:large","max-video-preview":"max-video-preview:-1"},"canonical":"https:\/\/www.2riv.fr\/index.php\/plaquette\/","og_locale":"fr_FR","og_type":"article","og_title":"Les animations au Centre Social \"Les 2 Rivi\u00e8res\" - Centre Social les 2 rivi\u00e8res","og_description":"Le Centre Social vous invite \u00e0 rencontrer l&rsquo;association Loire Italie et la Professeure d&rsquo;italien mercredi 25 juin \u00e0 17 h pour des cours qui commenceront d\u00e8s septembre Quelques photos du Vernissage de l&rsquo;exposition \u00ab\u00a0Les papillons de notre r\u00e9gion\u00a0\u00bb le mercredi","og_url":"https:\/\/www.2riv.fr\/index.php\/plaquette\/","og_site_name":"Centre Social les 2 rivi\u00e8res","article_modified_time":"2025-06-17T14:48:27+00:00","og_image":[{"url":"https:\/\/www.2riv.fr\/wp-content\/uploads\/2025\/06\/affiche-Loire-Italie-1-724x1024.jpg","type":"","width":"","height":""}],"twitter_card":"summary_large_image","schema":{"@context":"https:\/\/schema.org","@graph":[{"@type":"WebPage","@id":"https:\/\/www.2riv.fr\/index.php\/plaquette\/","url":"https:\/\/www.2riv.fr\/index.php\/plaquette\/","name":"Les animations au Centre Social \"Les 2 Rivi\u00e8res\" - Centre Social les 2 rivi\u00e8res","isPartOf":{"@id":"https:\/\/www.2riv.fr\/#website"},"primaryImageOfPage":{"@id":"https:\/\/www.2riv.fr\/index.php\/plaquette\/#primaryimage"},"image":{"@id":"https:\/\/www.2riv.fr\/index.php\/plaquette\/#primaryimage"},"thumbnailUrl":"https:\/\/www.2riv.fr\/wp-content\/uploads\/2025\/06\/affiche-Loire-Italie-1-724x1024.jpg","datePublished":"2021-07-02T07:03:51+00:00","dateModified":"2025-06-17T14:48:27+00:00","breadcrumb":{"@id":"https:\/\/www.2riv.fr\/index.php\/plaquette\/#breadcrumb"},"inLanguage":"fr-FR","potentialAction":[{"@type":"ReadAction","target":["https:\/\/www.2riv.fr\/index.php\/plaquette\/"]}]},{"@type":"ImageObject","inLanguage":"fr-FR","@id":"https:\/\/www.2riv.fr\/index.php\/plaquette\/#primaryimage","url":"https:\/\/www.2riv.fr\/wp-content\/uploads\/2025\/06\/affiche-Loire-Italie-1.jpg","contentUrl":"https:\/\/www.2riv.fr\/wp-content\/uploads\/2025\/06\/affiche-Loire-Italie-1.jpg","width":1414,"height":2000},{"@type":"BreadcrumbList","@id":"https:\/\/www.2riv.fr\/index.php\/plaquette\/#breadcrumb","itemListElement":[{"@type":"ListItem","position":1,"name":"Accueil","item":"https:\/\/www.2riv.fr\/"},{"@type":"ListItem","position":2,"name":"Les animations au Centre Social \u00ab\u00a0Les 2 Rivi\u00e8res\u00a0\u00bb"}]},{"@type":"WebSite","@id":"https:\/\/www.2riv.fr\/#website","url":"https:\/\/www.2riv.fr\/","name":"Centre Social les 2 rivi\u00e8res","description":"(ancien Centre Social de Grand Croix)","publisher":{"@id":"https:\/\/www.2riv.fr\/#organization"},"potentialAction":[{"@type":"SearchAction","target":{"@type":"EntryPoint","urlTemplate":"https:\/\/www.2riv.fr\/?s={search_term_string}"},"query-input":{"@type":"PropertyValueSpecification","valueRequired":true,"valueName":"search_term_string"}}],"inLanguage":"fr-FR"},{"@type":"Organization","@id":"https:\/\/www.2riv.fr\/#organization","name":"Centre Social les 2 rivi\u00e8res","url":"https:\/\/www.2riv.fr\/","logo":{"@type":"ImageObject","inLanguage":"fr-FR","@id":"https:\/\/www.2riv.fr\/#\/schema\/logo\/image\/","url":"https:\/\/www.2riv.fr\/wp-content\/uploads\/2025\/06\/logo-Centre-Social-Les-2-rivieres.png","contentUrl":"https:\/\/www.2riv.fr\/wp-content\/uploads\/2025\/06\/logo-Centre-Social-Les-2-rivieres.png","width":540,"height":408,"caption":"Centre Social les 2 rivi\u00e8res"},"image":{"@id":"https:\/\/www.2riv.fr\/#\/schema\/logo\/image\/"}}]}},"_links":{"self":[{"href":"https:\/\/www.2riv.fr\/index.php\/wp-json\/wp\/v2\/pages\/30","targetHints":{"allow":["GET"]}}],"collection":[{"href":"https:\/\/www.2riv.fr\/index.php\/wp-json\/wp\/v2\/pages"}],"about":[{"href":"https:\/\/www.2riv.fr\/index.php\/wp-json\/wp\/v2\/types\/page"}],"author":[{"embeddable":true,"href":"https:\/\/www.2riv.fr\/index.php\/wp-json\/wp\/v2\/users\/1"}],"replies":[{"embeddable":true,"href":"https:\/\/www.2riv.fr\/index.php\/wp-json\/wp\/v2\/comments?post=30"}],"version-history":[{"count":4,"href":"https:\/\/www.2riv.fr\/index.php\/wp-json\/wp\/v2\/pages\/30\/revisions"}],"predecessor-version":[{"id":2139,"href":"https:\/\/www.2riv.fr\/index.php\/wp-json\/wp\/v2\/pages\/30\/revisions\/2139"}],"wp:attachment":[{"href":"https:\/\/www.2riv.fr\/index.php\/wp-json\/wp\/v2\/media?parent=30"}],"curies":[{"name":"wp","href":"https:\/\/api.w.org\/{rel}","templated":true}]}}